{"id":19,"date":"2014-03-07T14:14:25","date_gmt":"2014-03-07T14:14:25","guid":{"rendered":"http:\/\/web-01.ufscar.br\/ruras\/?page_id=19"},"modified":"2025-07-31T15:32:27","modified_gmt":"2025-07-31T15:32:27","slug":"publicacoes","status":"publish","type":"page","link":"https:\/\/www.ruras.ufscar.br\/?page_id=19","title":{"rendered":"Publica\u00e7\u00f5es"},"content":{"rendered":"<p style=\"text-align: center;\"><strong>2025<\/strong><\/p>\n<p>CARDOSO, Jessica Pires; MARTINS, Rodrigo Constante. <a href=\"https:\/\/periodicos.ufba.br\/index.php\/crh\/article\/view\/53696\">Disputas cient\u00edficas e pol\u00edticas na gest\u00e3o das \u00e1guas subterr\u00e2neos: perspectivas globais e locais.<\/a> Caderno CRH (Online), v. 38, p. 1-15, 2025.<\/p>\n<p>CARDOSO, J\u00e9ssica Pires; SABADIN, Ana Carina; MARTINS, Rodrigo Constante. <a href=\"https:\/\/www.scielo.br\/j\/asoc\/a\/wQSHq8KvfTGdgZrhPDJYZtz\/?lang=pt\">Gram\u00e1ticas sobre o fogo e a \u00e1gua nos canaviais paulistas.<\/a> AMBIENTE &amp; SOCIEDADE (ONLINE), v. 28, p. 1-19, 2025.<\/p>\n<p>CARLETTI, Rafael. <a href=\"https:\/\/doi.org\/10.55028\/th.v14i28.21961\">O campesinato hist\u00f3rico da amaz\u00f4nia: das drogas do sert\u00e3o ao in\u00edcio do ciclo da borracha.<\/a> Revista Trilhas da Hist\u00f3ria, v. 14, n. 28, p. 19-39. 2025.<\/p>\n<p>GUIMAR\u00c3ES, Jamilly Brito; MOTA, Dalva Maria da; MOREIRA, \u00c9berton da Costa; SCHMITZ, Heribert. <a href=\"https:\/\/www.scielo.br\/j\/resr\/a\/Nrznb6pHNNcnCBf5HsjZ4Sb\/?lang=pt\">&#8220;O dend\u00ea era um sonho&#8221;: agricultores familiares e rupturas com as agroind\u00fastrias de dend\u00ea no Par\u00e1, Amaz\u00f4nia.<\/a> Revista de economia e sociologia rural, v. 63, p. e288908-22, 2025.<\/p>\n<p>MARTINS, Rodrigo Constante. <a href=\"https:\/\/periodicos.fclar.unesp.br\/estudos\/article\/view\/19450\">Li\u00e7\u00f5es a partir do campo: a obra de Pierre Bourdieu e os novos estudos rurais.<\/a> ESTUDOS DE SOCIOLOGIA, v. 30, p. 241-260, 2025.<\/p>\n<p>MOREIRA, \u00c9berton da Costa; FORINI, Henrique Almeida; CARDOSO, J\u00e9ssica Pires; MARTINS, Rodrigo Constante Martins. Reservas Extrativistas na Amaz\u00f4nia: um estudo sobre movimentos sociais de base comunit\u00e1ria. In:<span style=\"font-weight: 400;\">\u00a022\u00ba Congresso Brasileiro de Sociologia, S\u00e3o Paulo, SP, 2025. Anais Eletr\u00f4nicos do 22\u00ba Congresso Brasileiro de Sociologia, 2025.<\/span><\/p>\n<p>MOREIRA, \u00c9berton da Costa; SCHMITZ, Heribert.<a href=\"https:\/\/www.scielo.br\/j\/asoc\/a\/Lx3kSxdzJJ58tLrpbxDCK9D\/?lang=en\"> Apropria\u00e7\u00e3o de terras para a dendeicultura: resist\u00eancia e destino dos camponeses na Amaz\u00f4nia brasileira.<\/a> AMBIENTE &amp; SOCIEDADE (ONLINE), v. 28, p. 1-20, 2025.<\/p>\n<p>PARRY, Luke; MORELLO, Thiago; FRASER, James; GUERREIRO, Natalia; LOTTA, Gabriela; MARTINS, Rodrigo C.; NEWTON, Peter; CARDOSO, Jessica Pires; SANTOS, Andreza Souza; TORRES, Maur\u00edcio. <a href=\"https:\/\/conbio.onlinelibrary.wiley.com\/doi\/10.1111\/cobi.70031\">Forest citizens and people-centered conservation in the Brazilian Amazon.<\/a> CONSERVATION BIOLOGY, v. 39, p. 1-12, 2025.<\/p>\n<p>SABADIN, Ana Carina. A termopol\u00edtica do setor sucroalcooleiro paulista: notas sobre o fogo nos canaviais no contexto da elimina\u00e7\u00e3o das queimadas. In:<span style=\"font-weight: 400;\">\u00a022\u00ba Congresso Brasileiro de Sociologia, S\u00e3o Paulo, SP, 2025. Anais Eletr\u00f4nicos do 22\u00ba Congresso Brasileiro de Sociologia, 2025.<\/span><\/p>\n<p style=\"text-align: center;\"><strong>2024<\/strong><\/p>\n<p>CARLETTI, Rafael. <a href=\"https:\/\/www.revistaaskesis.ufscar.br\/index.php\/askesis\/article\/view\/881\/474\">From public goods to green market shelves: notes on neoliberalism and the commodification of nature.<\/a> \u00c0skesis, v. 13, n\u00ba. 01, p. 160-179. 2024.<\/p>\n<p>CARLETTI, Rafael. <a href=\"https:\/\/doi.org\/10.5935\/2358-3541.2024140482-pt\">The process of politicizing climate change and promoting sustainable development during the rise of neoliberalism.<\/a> Revista Contraponto, v. 11, p. 1-26, 2024.<\/p>\n<p><span style=\"font-weight: 400;\">CASTRO, Ana Carolina de Sousa; LIMA, Weldja Marques da Silva. <\/span><a href=\"https:\/\/www.scielo.br\/j\/rdp\/a\/Bv3GWvbnMXJS968WrthQFQz\/?lang=pt\"><span style=\"font-weight: 400;\">Dos protestos, escrachos e ocupa\u00e7\u00f5es \u00e0 Vara Agr\u00e1ria: o direito de propriedade nos conflitos por terra em Alagoas<\/span><\/a><span style=\"font-weight: 400;\">. <\/span><b>Revista Direito e Pr\u00e1xis<\/b><span style=\"font-weight: 400;\">, v. 15, n. 02, p. e82373, 2024.<\/span><\/p>\n<p><span style=\"font-weight: 400;\">LIMA, Weldja Marques da Silva; AMORIM, Adson Ney dos Santos. <\/span><a href=\"https:\/\/revistas.usp.br\/plural\/article\/view\/214654\"><span style=\"font-weight: 400;\">O diabo no meio do redemoinho: a dial\u00e9tica destrui\u00e7\u00e3o-produ\u00e7\u00e3o do capitalismo rural em Alagoas<\/span><\/a><span style=\"font-weight: 400;\">. <\/span><b>Plural<\/b><span style=\"font-weight: 400;\">, v. 31, n. 1, p. 424-444, 2024.<\/span><\/p>\n<p>MACIEL, Jeanne Mariel Brito de Moura; MARTINS, Rodrigo Constante. <a href=\"https:\/\/periodicos.ufpe.br\/revistas\/index.php\/revsocio\/article\/view\/264761\">Ruralidades em perspectiva: identidades e trajet\u00f3ria de cortadores de cana em Pernambuco.<\/a> ESTUDOS DE SOCIOLOGIA (UFPE), v. 3, p. 166-190, 2024.<\/p>\n<p>MARTINS, Rodrigo Constante. <a href=\"https:\/\/www.scielo.br\/j\/soc\/a\/tVRwnG4tGmbCnyLGfPmFRgC\/?lang=pt\">NEOLIBERALISMO E COBRAN\u00c7A PELO USO DA \u00c1GUA NO RURAL FRANC\u00caS.<\/a> Sociologias (UFRGS), v. 26, p. 1-29, 2024.<\/p>\n<p>MARTINS, Rodrigo Constante. <a href=\"https:\/\/www.contemporanea.ufscar.br\/index.php\/contemporanea\/article\/view\/1325\">Trabalho rural: o tempo da teoria e o tempo do b\u00f3ia-fria.<\/a> CONTEMPOR\u00c2NEA (ONLINE), v. 14, p. 1-19, 2024.<\/p>\n<p><span style=\"font-weight: 400;\">NASCIMENTO, Aline Souza; MORAES, Lucas Gabriel da Silva; MOREIRA, \u00c9berton da Costa. . <\/span><a href=\"https:\/\/periodicos.unb.br\/index.php\/sust\/article\/view\/54143\"><span style=\"font-weight: 400;\">Bioeconomia e mudan\u00e7as clim\u00e1ticas: experi\u00eancias de cooperativas agroextrativistas na Amaz\u00f4nia brasileira<\/span><\/a><b>. Sustainability in Debate<\/b><span style=\"font-weight: 400;\">, v. 15, n. 2, p. 137-168, 2024.<\/span><\/p>\n<p style=\"text-align: center;\"><strong>2023<\/strong><\/p>\n<p>CARDOSO, J\u00e9ssica Pires; MARTINS, Rodrigo Constante; PARRY, Luke. <a href=\"https:\/\/raizes.revistas.ufcg.edu.br\/index.php\/raizes\/article\/view\/840\">Cidadania dos povos da floresta e COVID-19: disputas e articula\u00e7\u00f5es no enfrentamento \u00e0 pandemia na Resex do Iriri (PA)<\/a>. Revista Ra\u00edzes, v. 43, n. 02, 2023.<\/p>\n<p><span style=\"font-weight: 400;\">CARDOSO, Jessica Pires; SABADIN, Ana Carina<\/span><b>.<\/b><span style=\"font-weight: 400;\"> Diferentes facetas de uma mesma gram\u00e1tica: as estrat\u00e9gias de nomea\u00e7\u00e3o da \u00e1gua e do fogo na produ\u00e7\u00e3o canavieira paulista. In: 21\u00ba Congresso Brasileiro de Sociologia, 2023, Par\u00e1. Anais Eletr\u00f4nicos do 21\u00ba Congresso Brasileiro de Sociologia, 2023.<\/span><\/p>\n<p>MARTINS, RODRIGO CONSTANTE. <a href=\"https:\/\/journals.sagepub.com\/doi\/10.1177\/22779760221145241\">Land and Water in Rural S\u00e3o Paulo: Case Study of Environmental Inequalities in Brazil.<\/a> AGRARIAN SOUTH: JOURNAL OF POLITICAL ECONOMY, v. 12, p. 227797602211452-21, 2023.<\/p>\n<p><span style=\"font-weight: 400;\">SABADIN, Ana Carina; MARTINS, Rodrigo Constante. <a href=\"https:\/\/revistas.ufpr.br\/made\/article\/view\/82048\/50183\">O oscilar das chamas nos canaviais: empresariado e poder p\u00fablico na agenda do Protocolo Agroambiental Paulista.<\/a> DESENVOLVIMENTO E MEIO AMBIENTE (UFPR), v. 62, p. 252-266, 2023. <\/span><\/p>\n<p style=\"text-align: center;\"><strong>2022<\/strong><\/p>\n<p>ARA\u00daJO, Jos\u00e9 Augusto Carvalho de; MARTINS, Rodrigo Constante . <a href=\"https:\/\/periodicos.ufpa.br\/index.php\/ncn\/article\/view\/9316\">O fen\u00f4meno da transum\u00e2ncia na Amaz\u00f4nia: o modo de vida ribeirinha e os dilemas socioambientais no munic\u00edpio de Marab\u00e1<\/a>. <em>Novos Cadernos NAEA<\/em>, v. 25, p. 129-147, 2022<\/p>\n<p><span style=\"font-weight: 400;\">MARTINS, Rodrigo Constante; CARDOSO, J\u00e9ssica Pires; SABADIN, Ana Carina. <\/span><a href=\"https:\/\/www.revistaaskesis.ufscar.br\/index.php\/askesis\/article\/view\/790\"><span style=\"font-weight: 400;\">Ruralidades, ambiente e sociedade: percursos de pesquisas<\/span><\/a><span style=\"font-weight: 400;\">. <\/span><b>\u00c1skesis<\/b><span style=\"font-weight: 400;\">,\u00a0 S\u00e3o Carlos &#8211; SP,\u00a0 v. 11, n. Edi\u00e7\u00e3o especial, p. 80-91, dezembro, 2022.<\/span><\/p>\n<p>QUIJANO-MEJ\u00cdA, Claudia Milena; LINARES-GARCIA, Johana. <a href=\"http:\/\/Quijano-Mej\u00eda, C. M., &amp; Linares-Garc\u00eda, J. (2022). Reflexiones sobre la intervenci\u00f3n social en lo rural: experiencias en el Magdalena Medio, Colombia. PROSPECTIVA. Revista De Trabajo Social E Intervenci\u00f3n Social, (33), 259\u2013278.\" data-wplink-url-error=\"true\">Reflexiones sobre la intervenci\u00f3n social en lo rural: experiencias en el Magdalena Medio<\/a>, Colombia. PROSPECTIVA. Revista De Trabajo Social E Intervenci\u00f3n Social, (33), 259\u2013278, 2022.<\/p>\n<p>QUIJANO-MEJ\u00cdA, Claudia Milena. <a href=\"https:\/\/www.revistatabularasa.org\/numero41\/de-campesinos-colonos-a-comunidad-negra-de-la-regulacion-guerrillera-a-la-regulacion-estatal\/\">De campesinos colonos a comunidad negra, de la regulaci\u00f3n guerrillera a la regulaci\u00f3n estatal<\/a>. Tabula Rasa, 41, 73-98, 2022.<\/p>\n<p style=\"text-align: center;\"><strong>2021<\/strong><\/p>\n<p><span style=\"font-weight: 400;\">CARDOSO, J\u00e9ssica Pires; SABADIN, Ana Carina. <\/span><a href=\"https:\/\/redesrurais.org.br\/encontro\/files\/gt01\/jessica_pires_cardoso_-_escavando_as_aguas,_apagando_as_chamas_uma_analise_preliminar_da_dinamica_socioambiental_da_expansao_canavieira_paulista_sobre_a_area_de_afloramento.pdf\"><span style=\"font-weight: 400;\">Escavando as \u00e1guas, apagando as chamas: uma an\u00e1lise preliminar da din\u00e2mica socioambiental da expans\u00e3o canavieira paulista sobre a \u00e1rea de afloramento do Aqu\u00edfero Guarani.<\/span><\/a><span style=\"font-weight: 400;\"> In: ENCONTRO DA REDE DE ESTUDOS RURAIS, IX, 2021, online. <\/span><b>Anais\u2026<\/b><span style=\"font-weight: 400;\">, 2021, p. 1-35.<\/span><\/p>\n<p>CARLETTI, Rafael. <a href=\"https:\/\/www.sbs2021.sbsociologia.com.br\/site\/anaisarquivoresumo#O\">O CO2 e a casa de farinha: o Programa Bolsa Floresta e os rearranjos socioambientais na RDS do Rio Negro, AM.<\/a> 20\u00ba Congresso Brasileiro de Sociologia. 2021.<\/p>\n<p>MARTINS, Rodrigo Constante. <a href=\"https:\/\/www.mpdefensa.gob.ar\/sites\/default\/files\/libro_derecho_al_agua_baja.pdf\">Desigualdades ambientales y participacio\u0301n en la gobernanza de las aguas: el caso del campo paulista<\/a>. <em>Revista Institucional de la Defensa P\u00fablica de la Ciudad Aut\u00f3noma de Buenos Aires<\/em>, v. 25, p. 600-616, 2021.<\/p>\n<p>MARTINS, Rodrigo Constante; ARBAROTTI, Alexsandro Elias ; CAMPREGHER, Raiza. <a href=\"http:\/\/dx.doi.org\/10.1590\/1809-4422asoc20200020r1vu2021l2ao\">Representation of agriculture in water governance in S\u00e3o Paulo<\/a>. <em>Ambiente &amp; Sociedade<\/em> (online), v. 24, p. 1-23, 2021.<\/p>\n<p>SABADIN, Ana Carina. <a href=\"https:\/\/www.revistas.usp.br\/cadernosdecampo\/article\/view\/171164\/173263\">Feito fa\u00edscas: esbo\u00e7o da imagem mais viva do progresso<\/a>.\u00a0<em>Cadernos De Campo<\/em> (S\u00e3o Paulo &#8211; 1991), v.30, n. 1. p. 1-13, 2021.<\/p>\n<p style=\"text-align: center;\"><strong>2020<\/strong><\/p>\n<p>BENJAMIM-VIEIRA,\u00a0<span class=\"il\">CAMILA<\/span>. <a href=\"https:\/\/www.anpocs.com\/index.php\/encontros\/papers\/44-encontro-anual-da-anpocs\/gt-32\/gt41-4\">Que comida consome quem produz alimentos? considera\u00e7\u00f5es sobre a produ\u00e7\u00e3o e consumo de fam\u00edlias de agricultores no Vale do Para\u00edba paulista.<\/a> In: 44\u00ba Encontro Anual da ANPOCS, 2020. <em>Anais<\/em> 44\u00ba Encontro Anual da ANPOCS, 2020.<\/p>\n<p>LEGRAND, M.; JOVENIAUX, A.; ARBAROTTI, A. E.; GOUVELLO, B.; ESCULIER, F.; TABUCHI, J. The emergence of systems for the source separation and valorization of human waste in Greater Paris: from necessity to\u00a0 implementation. In: Second International Conference \u00ab Water, Megacities and Global Change \u00bb, 2020, Paris. Second International Conference \u00ab Water, Megacities and Global Change \u00bb, 2020.<\/p>\n<p>MACIEL, JEANNE MARIEL BRITO DE MOURA; CAMACHO, RODRIGO SIM\u00c3O. Entrevista: <a href=\"https:\/\/ojs.ufgd.edu.br\/index.php\/riet\/article\/view\/13322\">Educa\u00e7\u00e3o do Campo e a produ\u00e7\u00e3o de conhecimento: avan\u00e7os, conquistas e desafios com M\u00f4nica Castagna Molina.<\/a> <em>Revista Interdisciplinar em Educa\u00e7\u00e3o e Territorialidade &#8211; RIET<\/em>\u00a0, v.1, p.270 &#8211; 280, 2020.<\/p>\n<p>MACIEL, JEANNE MARIEL BRITO DE MOURA;SANGALLI, ANDR\u00c9IA. <a href=\"https:\/\/periodicos.uffs.edu.br\/index.php\/RIS\/article\/view\/11811\">Interfaces entre o ensino de ci\u00eancias e a sociologia ambiental na forma\u00e7\u00e3o de educadores do campo<\/a>. <em>Revista Insignare Scientia &#8211; RIS<\/em> , v.3, p.124 &#8211; 148, 2020.<\/p>\n<div>\n<div>MARTINS, Rodrigo Constante; CUNHA, Luis Henrique . <a href=\"http:\/\/anpocs.com\/images\/BIB\/n92\/BIB_0009204_RP_rodrigo_luis.pdf\">Ruralidades e meio ambiente: a constitui\u00e7\u00e3o de um campo de investiga\u00e7\u00e3o na sociologia<\/a>. <em>Revista Brasileira de Informa\u00e7\u00e3o Bibliogr\u00e1fica em Ci\u00eancias Sociais &#8211; BIB<\/em>, v. 92, p. 1-29, 2020.<\/div>\n<\/div>\n<p><span style=\"text-align: justify;\">QUIJANO-MEJ\u00cdA, Claudia.; LINARES GARC\u00cdA, Johana.; BARRIOS RODR\u00cdGUEZ, Flor. <a href=\"https:\/\/revistas.usb.edu.co\/index.php\/Agora\/article\/view\/5131\">Las emociones\u00a0en la resistencia y la defensa del territorio en Guamoc\u00f3 (Colombia)<\/a>. <em>El \u00c1gora USB<\/em>, v. 20, n. 2, p. 73-87, 23 nov. 2020.<\/span><\/p>\n<p><span style=\"text-align: justify;\">QUIJANO MEJ\u00cdA, Claudia; FIGUEROA SALAMANCA, Helwar. <a href=\"https:\/\/www.funlam.edu.co\/revistas\/index.php\/RCCS\/article\/view\/2973\">Historia del poblamiento, la miner\u00eda de oro y el conflicto armado: Guamoc\u00f3, Sur de Bol\u00edvar<\/a>.\u00a0<em>Revista Colombiana de Ciencias Sociales<\/em>, [S.l.], v. 11, n. 2, p. 586-608, jun. 2020.<\/span><\/p>\n<p><span style=\"text-align: justify;\">QUIJANO MEJ\u00cdA, C.; ALFONSO LE\u00d3N, D. C<a href=\"https:\/\/revistas.urosario.edu.co\/index.php\/territorios\/article\/view\/7650\">olonizaci\u00f3n campesina, identidad y\u00a0acuerdos comunitarios: la L\u00ednea Amarilla como experiencia de protecci\u00f3n del bosque<\/a>. <em>Territorios<\/em>, n. 42-Esp., p. 1-23, 2020.<\/span><\/p>\n<p><span style=\"text-align: justify;\">REIS, Tain\u00e1. &#8216;Acostumar&#8217;: o trabalho do tempo, cuidado e adoecimento no corte de cana. In: 44\u00ba Encontro Anual da ANPOCS, 2020. <em>Anais<\/em> 44\u00ba Encontro Anual da ANPOCS, 2020.<\/span><\/p>\n<p><span style=\"text-align: justify;\">REIS, Tain\u00e1. Despu\u00e9s de la jornada: relaciones derivadas del padecimiento de enfermedades en el corte de ca\u00f1a. In: Maria Aparecida de Moraes Silva; L\u00facio Vasconcellos de Ver\u00e7oza. (Org.). <em>Vidas tejidas al reves de la historia<\/em>. 1ed.Buenos Aires: CLACSO, 2020, p. 221-236.<\/span><\/p>\n<p><span style=\"text-align: justify;\">ROZENDO, CIMONE ; ARBAROTTI, ALEXSANDRO . <a href=\"http:\/\/raizes.revistas.ufcg.edu.br\/index.php\/raizes\/article\/view\/656\">Entrevista com Marcel Jollivet: Perspectivas sociol\u00f3gicas sobre o mundo rural<\/a>. <em>Ra\u00edzes<\/em> (UFPB), v. 40, p. 106-118, 2020.<\/span><\/p>\n<p>SABADIN, Ana Carina. <a href=\"https:\/\/www.periodicos.unimontes.br\/index.php\/argumentos\/article\/view\/943\">Do fogo \u00e0 fuma\u00e7a: a constru\u00e7\u00e3o social do problema ambiental das queimadas nos canaviais paulistas<\/a>. <em>Argumentos<\/em>, v. 17, n. 1, p. ,85-104, jan.\/jun. 2020.<\/p>\n<p style=\"text-align: center;\"><strong>2019<\/strong><\/p>\n<p dir=\"ltr\" style=\"text-align: justify;\">ARBAROTTI, Alexsandro Elias; MARTINS, Rodrigo Constante.\u00a0<a href=\"http:\/\/dx.doi.org\/10.25059\/2527-2594\/retratosdeassentamentos\/2019.v22i1.349\">Mudan\u00e7as clim\u00e1ticas nos assentamentos rurais: uma etnografia sobre a experi\u00eancia de futuro.<\/a>\u00a0<em>Retratos de Assentamentos<\/em>, v. 22, p. 116-138, 2019.<\/p>\n<p dir=\"ltr\">BENJAMIM-VIEIRA,\u00a0<span class=\"il\">CAMILA<\/span>. <a href=\"https:\/\/www.revistas.usp.br\/revistaingesta\/article\/view\/164693\">Agricultores familiares no Vale do Para\u00edba Paulista<\/a>. <em>Revista Ingesta<\/em>, v. 1, p. 255-256, 2019.<\/p>\n<p dir=\"ltr\">MARTINS, Rodrigo Constante; MADUREIRA, Gabriel Alarcon . <a href=\"http:\/\/dx.doi.org\/10.1590\/1806-9479.2019.185693\">Do -buraco- ao atrativo tur\u00edstico: uma sociologia da ressignifica\u00e7\u00e3o do rural<\/a>. <em>Revista de Economia e Sociologia Rural<\/em>, v. 57, p. 326-338, 2019.<\/p>\n<p dir=\"ltr\">PACHECO, Juan David.; QUIJANO, Claudia. <a href=\"https:\/\/revistasojs.ucaldas.edu.co\/index.php\/eleuthera\/article\/view\/2226\/2132\">Comit\u00e9s de impulso de reparaci\u00f3n colectiva y sus\u00a0din\u00e1micas grupales<\/a>. Casos Ci\u00e9naga del Op\u00f3n y Organizaci\u00f3n Femenina Popular. Eleuthera n 21, p. 106-125, 2019.<\/p>\n<p>REIS, Tain\u00e1<span style=\"font-weight: 400;\">. Depois do eito: rela\u00e7\u00f5es decorrentes do adoecimento no corte de cana. In: Maria Aparecida de Moraes Silva; L\u00facio Vasconcellos de Ver\u00e7oza. (Org.). Vidas talhadas no avesso da hist\u00f3ria Estudos sobre o trabalho nos canaviais. 1ed. S\u00e3o Paulo: Annablume Editora, 2019, p. 227-<\/span><\/p>\n<p>SILVA, Maria Aparecida de Moraes; VER\u00c7OZA, L\u00facio VASCONCELLOS de ; REIS, Tain\u00e1.\u00a0Cercamentos: Imagens dos camponeses na contemporaneidade do Brasil. EUTOP\u00cdA, p. 31-50, 2019.<\/p>\n<p dir=\"ltr\" style=\"text-align: center;\"><strong>2018<\/strong><\/p>\n<p dir=\"ltr\" style=\"text-align: justify;\">GAMEIRO, Mariana Bombo Peruzzi; MARTINS, Rodrigo Constante.\u00a0<a style=\"text-align: justify;\" href=\"http:\/\/dx.doi.org\/10.1590\/s0102-699220183301001\">O desenvolvimento rural sob regime de verdade: o discurso do Banco Mundial.\u00a0<\/a>Sociedade e Estado, v. 33, p. 13-37, 2018.<\/p>\n<p dir=\"ltr\" style=\"text-align: justify;\">MARTINS, Rodrigo Constante; ESPINHOSA, Rodrigo de Freitas.\u00a0<a href=\"http:\/\/dx.doi.org\/10.4322\/2316-1329.052\">Colonialidade e efeitos de verdade sob a perspectiva socioambiental<\/a>. Contempor\u00e2nea &#8211; Revista de Sociologia da UFSCar, v. 8, p. 83-109, 2018.<\/p>\n<p dir=\"ltr\"><span style=\"font-weight: 400;\">REIS, Tain\u00e1. Fragmentos da cana: a sociabilidade de cortadores de cana adoecidos. In: X Congresso Alas-Ru, 2018, Montevid\u00e9u. Anais X Congresso Alas-Ru, 2018.<\/span><\/p>\n<p dir=\"ltr\" style=\"text-align: center;\"><strong>2017<\/strong><\/p>\n<p dir=\"ltr\" style=\"text-align: justify;\">CAMPREGHER, Raiza; MARTINS, Rodrigo Constante.<a style=\"text-align: justify;\" href=\"http:\/\/revistas.ufpr.br\/made\/article\/view\/49243\/32113\">\u00a0O \u201cModelo Broa\u201d e a produ\u00e7\u00e3o de conhecimento cient\u00edfico sobre o meio ambiente.<\/a>\u00a0In: Revista Desenvolvimento e Meio Ambiente (Online), v.40, p.329 -344\/ abril.2017.<\/p>\n<p dir=\"ltr\" style=\"text-align: justify;\">CAMPREGHER, Raiza.\u00a0<a href=\"http:\/\/www.ruras.ufscar.br\/wp-content\/uploads\/2019\/04\/Trabalho-SBS-2017.pdf\">Ci\u00eancia, imprensa e popula\u00e7\u00e3o na \u2018contamina\u00e7\u00e3o\u2019 da Represa do Broa (SP)<\/a>. In: 18\u00ba Congresso Brasileiro de Sociologia, 2017, Bras\u00edlia\/DF. Anais do 18\u00ba Congresso Brasileiro de Sociologia, 2017.<\/p>\n<p dir=\"ltr\" style=\"text-align: justify;\">CAMPREGHER, Raiza.\u00a0<a href=\"http:\/\/www.ruras.ufscar.br\/wp-content\/uploads\/2019\/04\/Trabalho-ANPPAS-2017-ABRH.pdf\">Definindo \u00e1gua: a vis\u00e3o da ABRH na constru\u00e7\u00e3o social da gest\u00e3o dos recursos h\u00eddricos<\/a>. In: 8\u00ba Encontro Nacional da ANPPAS, 2017, Natal\/RN. Anais do 8\u00ba Encontro Nacional da ANPPAS, 2017.<\/p>\n<p dir=\"ltr\" style=\"text-align: justify;\">GAMEIRO, Mariana Bombo Peruzzi; MARTINS, Rodrigo Constante. A Territorializa\u00e7\u00e3o de pol\u00edticas P\u00fablico-ambientais no rural paulista: um estudo de caso. Retratos de Assentamentos, v. 20, p. 41-69, 2017<\/p>\n<p style=\"text-align: justify;\">POQUIVIQUI, A.\u00a0<a href=\"https:\/\/www.dropbox.com\/sh\/96hy7u206vdkz1g\/AAAbs1-juRPGIgFHWvB4kKEKa\/EJE%2010%20Campesinos%20y%20pueblos%20originarios.%20Lucha%20por%20el%20territorio.%20Movimientos%20Sociales\/SIMPOSIO%2027?dl=0&amp;preview=10_10_Poquiviqui.docx\">Racismo Ambiental: Uma an\u00e1lise da Constru\u00e7\u00e3o da Usina Hidrel\u00e9trica UHE Castanheira em Juara\/MT Brasil.\u00a0<\/a>In: X Jornadas Interdisciplinares De Estudios Agrarios Y Agroindustriales, 2017, Buenos Aires. X Jornadas Interdisciplinares De Estudios Agrarios Y Agroindustriales, 2017.<\/p>\n<p dir=\"ltr\" style=\"text-align: justify;\">POQUIVIQUI, A.; LIMA, A. M.; BARBOSA, A. P.; VIOLADA, W. M. G.\u00a0<a href=\"https:\/\/drive.google.com\/file\/d\/0BwmkDcuMnbnLRWk3RG5Hd3BWVWc\/view?usp=sharing\">Catadores de Materiais Recicl\u00e1veis: Realidade e Possibilidades de Inclus\u00e3o Socioprodutiva em Juara\/MT, Brasil.<\/a>\u00a0In: XIII Semin\u00e1rio Internacional PROCOAS, 2017, S\u00e3o Paulo. XIII Semin\u00e1rio Internacional PROCOAS 2017.<\/p>\n<p><span style=\"font-weight: 400;\">REIS, TAIN\u00c1. Deixar morrer: adoecimento no corte de cana, Estado e Biopol\u00edtica. In: XXXI Congreso ALAS, 207, Montevid\u00e9u. XXXI Congreso ALAS, 2017.<\/span><\/p>\n<p><span style=\"font-weight: 400;\">REIS, Tain\u00e1. Trabalho e g\u00eanero: reflex\u00f5es sobre o adoecimento no corte de cana. Ruris: Revista do Centro de Estudos Rurais, v. 11, p. 83-112, 2017.<\/span><\/p>\n<p><span style=\"font-weight: 400;\">REIS, Tain\u00e1. Para al\u00e9m do espa\u00e7o\/tempo de trabalho: estranhamento e adoecimento no corte de cana. Argumentos, v. 14, p. 50-70, 2017.<\/span><\/p>\n<p dir=\"ltr\" style=\"text-align: center;\"><strong>2016<\/strong><\/p>\n<p dir=\"ltr\" style=\"text-align: justify;\">ARBAROTTI, Alexsandro Elias; MARTINS, Rodrigo Constante. Configura\u00e7\u00f5es contempor\u00e2neas dos assentamentos rurais de reforma agr\u00e1ria: o surgimento de novas gera\u00e7\u00f5es e a constru\u00e7\u00e3o de novos projetos de vida. Pol\u00edtica &amp; Trabalho, v. 45, p. 213-231, 2016.<\/p>\n<p dir=\"ltr\" style=\"text-align: justify;\">CAMPREGHER, Raiza; MARTINS, Rodrigo Constante. <a href=\"http:\/\/www.interacoes.ucdb.br\/article\/view\/1125\/pdf_1\">Tantas verdades: os discursos cient\u00edficos na constru\u00e7\u00e3o social do ambiente. <\/a>Revista INTERA\u00c7\u00d5ES (Online), v. 17, n. 4, p. 729-744, out.\/dez.2016.<\/p>\n<p dir=\"ltr\" style=\"text-align: justify;\">GAMEIRO, Mariana Bombo Perozzi.<a href=\"http:\/\/www.ruras.ufscar.br\/?attachment_id=615\"> A inteligibilidade dos discursos que constroem o etanol como um \u201cproduto sustent\u00e1vel\u201d no Brasil.<\/a> E-Latina (Buenos Aires), v. 14, p. 49-59, 2016.<\/p>\n<p dir=\"ltr\" style=\"text-align: justify;\">REIS, Tain\u00e1. <a href=\"http:\/\/www.trama.ufscar.br\/wp-content\/uploads\/2017\/02\/trabalho-genero-raca-e-sociabilidade-volume-2.pdf\">Corte de cana: trabalho, g\u00eanero e adoecimento.<\/a> In: 4\u00ba Semin\u00e1rio Internacional o Mundo dos Trabalhadores e seus Arquivos, 2016, S\u00e3o Paulo. Cole\u00e7\u00e3o Arquivos, Mem\u00f3ria, Verdade, Justi\u00e7a e Repara\u00e7\u00e3o, v.2, 2016.<\/p>\n<p dir=\"ltr\" style=\"text-align: justify;\">SABADIN, Ana Carina. <a href=\"http:\/\/www.ruras.ufscar.br\/wp-content\/uploads\/2019\/04\/001055801.pdf\">O Protocolo Agroambiental Paulista: uma proposta de (in)sustentabilidade nos canaviais paulistas<\/a>. In: V Semin\u00e1rio Discente PPGS- UFRGS, 2017, Porto Alegre. A Sociologia diante de novos fluxos e velhos muros \u2013 Anais. Porto Alegre, 2016. v. 5. p. 1-1586.<\/p>\n<p style=\"text-align: center;\">\u00a0<strong>2015<\/strong><\/p>\n<p style=\"text-align: justify;\">ARBAROTTI, Alexsandro Elias ; MARTINS, Rodrigo Constante.\u00a0<a href=\"http:\/\/www.conlab2015.com\/pt\/conteudo\/noticias-pt\/livro-de-atas-do-congresso.html\">Disputas e hierarquias na constru\u00e7\u00e3o da quest\u00e3o ambiental em assentamentos de reforma agr\u00e1ria.<\/a>\u00a0In: XII Congresso Luso- Afro- Brasileiro\/1\u00ba Congresso da Associa\u00e7\u00e3o Internacional de Ci\u00eancias Sociais e Humanas, 2015, Lisboa. Livro de Atas do 1. o Congresso da Associa\u00e7\u00e3o Internacional das Ci\u00eancias Sociais e Humanas em L\u00edngua Portuguesa, 2015. p. 7128-7137.<\/p>\n<p style=\"text-align: justify;\">CAMPREGHER, Raiza.\u00a0<a href=\"http:\/\/www.seminarioruralidades.ufscar.br\/wp-content\/uploads\/2015\/08\/gt1.pdf\">Discurso e apropria\u00e7\u00e3o do espa\u00e7o na Represa do Lobo\/Broa: estudo de caso sobre constru\u00e7\u00e3o social do ambiente.\u00a0<\/a>In: III Semin\u00e1rio Internacional Ruralidades, Trabalho e Meio Ambiente, 2015, S\u00e3o Carlos\/SP. Anais do III Semin\u00e1rio Internacional Ruralidades, Trabalho e Meio Ambiente, p. 40-60, 2015.<\/p>\n<p dir=\"ltr\" style=\"text-align: justify;\">CAMPREGHER, Raiza.\u00a0<a href=\"http:\/\/www.seminarioppgs.ufscar.br\/wp-content\/uploads\/2013\/10\/anais-gt6.pdf\">Dimens\u00e3o discursiva das quest\u00f5es socioambientais: o caso da \u201ccontamina\u00e7\u00e3o\u201d da Represa do Lobo\/Broa.\u00a0<\/a>In: V Semin\u00e1rio Internacional do Programa de P\u00f3s-Gradua\u00e7\u00e3o em Sociologia da UFSCar, 2015, S\u00e3o Carlos\/SP. Anais do V Semin\u00e1rio Internacional do Programa de P\u00f3s-Gradua\u00e7\u00e3o em Sociologia da UFSCar, p. 1-23, 2015.<\/p>\n<p dir=\"ltr\" style=\"text-align: justify;\">MARTINS, Rodrigo Constante; CAMPREGHER, Raiza ; ARBAROTTI, Alexsandro Elias.\u00a0<a href=\"http:\/\/icongresso.itarget.com.br\/tra\/arquivos\/ann.2\/262.pdf\">A representa\u00e7\u00e3o da agricultura na governan\u00e7a paulista das \u00e1guas.<\/a>\u00a0In: 7\u00ba Encontro Nacional da ANPPAS, 2015, Bras\u00edlia\/DF. Anais do 7\u00ba Encontro Nacional da ANPPAS, 2015.<\/p>\n<p dir=\"ltr\" style=\"text-align: justify;\">MARTINS, Rodrigo Constante.\u00a0<a href=\"http:\/\/tcs.sagepub.com\/content\/early\/2015\/11\/04\/0263276415605583\">The influence of Ulrich Beck\u2019s work on social-environmental studies in Brazil.<\/a>Theory, Culture &amp; Society, v. 32, p. 342-345, 2015.<\/p>\n<p dir=\"ltr\" style=\"text-align: justify;\">MARTINS, Rodrigo Constante.\u00a0<a href=\"http:\/\/www.scielo.br\/pdf\/asoc\/v18n1\/pt_1414-753X-asoc-18-01-00211.pdf\">Fronteiras entre desigualdade e diferen\u00e7a na governan\u00e7a das \u00e1guas.<\/a>\u00a0Ambiente &amp; Sociedade, v. 18, p. 211-228, 2015.<\/p>\n<p dir=\"ltr\" style=\"text-align: justify;\">MARTINS, Rodrigo Constante.\u00a0<a href=\"http:\/\/www.scielo.br\/pdf\/rbcsoc\/v30n87\/0102-6909-rbcsoc-30-87-0097.pdf\">A classifica\u00e7\u00e3o disciplinar no mercado dos enunciados ambientais.<\/a>\u00a0Revista Brasileira de Ci\u00eancias Sociais, v. 30, p. 97-113, 2015.<\/p>\n<p dir=\"ltr\" style=\"text-align: justify;\">POKER, Jos\u00e9 Geraldo A.B; ARBAROTTI, Alexsandro Elias.\u00a0<a href=\"https:\/\/www.marilia.unesp.br\/Home\/Publicacoes\/territorios_ebook.pdf\">Movimentos Sociais: O Que H\u00e1 de Novo?<\/a>\u00a0In: Mirian Cl\u00e1udia Louren\u00e7\u00e3o Simonetti. (Org.). Territ\u00f3rios, Movimentos Sociais e Pol\u00edticas de Reforma Agr\u00e1ria no Brasil. 1ed.S\u00e3o Paulo: Cultura Acad\u00eamica, 2015, v. 1, p. 15-44.<\/p>\n<p dir=\"ltr\" style=\"text-align: justify;\">REIS. Tain\u00e1. \u201cA gente n\u00e3o sabe onde est\u00e1 nossa terra\u201d: propriedade jur\u00eddica e propriedade econ\u00f4mica da terra no interior paulista.In: XVII Congresso da SBS, 2015, Porto Alegre. Anais XVII Congresso da SBS, 2015.<\/p>\n<p><span style=\"font-weight: 400;\">REIS. Tain\u00e1. Corte de cana: trabalho, g\u00eanero e adoecimento. In: 4\u00ba Semin\u00e1rio Internacional O Mundo dos Trabalhadores e seus arquivos, 2016, S\u00e3o Paulo. Cole\u00e7\u00e3o Arquivos, Mem\u00f3ria, Verdade, Justi\u00e7a e Repara\u00e7\u00e3o, 2016. v. 2.<\/span><\/p>\n<p style=\"text-align: justify;\">SABADIN, Ana Carina.\u00a0<a href=\"http:\/\/www.seminarioruralidades.ufscar.br\/wp-content\/uploads\/2014\/11\/gt2.pdf\">O trabalho (des)especializado nos canaviais paulistas: algumas considera\u00e7\u00f5es sobre a persist\u00eancia do corte manual.<\/a>\u00a0In: III Semin\u00e1rio Internacional Ruralidades, Trabalho e Meio Ambiente, 2015, S\u00e3o Carlos\/SP. Anais do III Semin\u00e1rio Internacional Ruralidades, Trabalho e Meio Ambiente, p. 171-182, 2015.<\/p>\n<p style=\"text-align: center;\"><strong>\u00a02014<\/strong><\/p>\n<p dir=\"ltr\" style=\"text-align: justify;\">ARBAROTTI, Alexsandro Elias.\u00a0<a href=\"http:\/\/www.ruras.ufscar.br\/?attachment_id=575\">Sobre o n\u00e3o futuro da humanidade no planeta terra (Resenha)<\/a>. REDD \u2013 Revista Espa\u00e7o de Di\u00e1logo e Desconex\u00e3o, v. 8, p. 1-7, 2014.<\/p>\n<p style=\"text-align: justify;\">CAMPREGHER, Raiza; CARDOSO, Jessica Pires.\u00a0<a href=\"http:\/\/www2.ufpel.edu.br\/ifisp\/ppgs\/eics\/arquivosgts\/GT%2024\/15.pdf\">Novas ruralidades e quest\u00e3o ambiental na Represa do Lobo\/Broa.\u00a0<\/a>In: IV EICS \u2013 Encontro Internacional de Ci\u00eancias Sociais, 2014, Pelotas\/RS. Anais do IV EICS \u2013 Encontro Internacional de Ci\u00eancias Sociais, 2014.<\/p>\n<p style=\"text-align: justify;\">\u00a0CARDOSO, J\u00e9ssica Pires.\u00a0<a href=\"http:\/\/www2.ufpel.edu.br\/ifisp\/ppgs\/eics\/trabalhos.htmtarget=\">Ruralidades, g\u00eanero e meio ambiente: um estudo de caso atrav\u00e9s da mem\u00f3ria dos idosos<\/a>\u00a0In: Encontro Internacional de Ci\u00eancias Sociais, 2014, Pelotas\/RS. IV EICS \u2013 Encontro Internacional de Ci\u00eancias Sociais: espa\u00e7os p\u00fablicos, identidades e diferen\u00e7as, 2014<\/p>\n<p style=\"text-align: justify;\">\u00a0CARDOSO, J\u00e9ssica Pires.\u00a0<a href=\"http:\/\/www.seminarioruralidades.ufscar.br\/wp-ontent\/uploads\/2015\/08\/gt1.pdf%20target=\">Os dilemas da moderniza\u00e7\u00e3o conservadora: um estudo te\u00f3rico sobre as consequ\u00eancias socioambientais da transforma\u00e7\u00e3o das bases produtivas rurais<\/a>\u00a0In: III Semin\u00e1rio Internacional Ruralidades, Trabalho e Meio Ambiente, 2015, S\u00e3o Carlos. III Semin\u00e1rio Internacional Ruralidades, Trabalho e Meio Ambiente \u2013 Ruralidades e Meio Ambiente, p. 61 \u2013 80, 2015.<\/p>\n<p style=\"text-align: justify;\">GAMEIRO, Mariana Bombo Perozzi ; MARTINS, Rodrigo Constante.\u00a0<a href=\"http:\/\/seer.fclar.unesp.br\/redd\/article\/view\/6915\">Da mercantiliza\u00e7\u00e3o da natureza \u00e0 cria\u00e7\u00e3o de mercadorias verdes.<\/a>\u00a0REDD \u2013 Revista Espa\u00e7o de Di\u00e1logo e Desconex\u00e3o, v. 8, p. 1-18, 2014.<\/p>\n<p dir=\"ltr\" style=\"text-align: justify;\">GAMEIRO, Mariana Bombo Perozzi.<a href=\"http:\/\/www.ruras.ufscar.br\/?attachment_id=610\">\u00a0Percuros do \u201cDesenvolvimento Rural\u201d: uma an\u00e1lise de propostas perito-normativas.<\/a>\u00a0Revista IDEAS (Online), v. 8, p. 225-263, 2014.<\/p>\n<p dir=\"ltr\" style=\"text-align: justify;\">REIS, Tain\u00e1.\u00a0<a href=\"http:\/\/www.ruras.ufscar.br\/?attachment_id=675\">Mar de cana: arrendamento fundi\u00e1rio, mem\u00f3ria e identidade social.<\/a>\u00a0In: VI Encontro da Rede de Estudos Rurais, 2014, Campinas. Anais IV Encontro da Rede de Estudos Rurais, 2014.<\/p>\n<p style=\"text-align: justify;\">SABADIN, Ana Carina.\u00a0<a href=\"https:\/\/drive.google.com\/file\/d\/0By0q2bzpatUZYWRZOGpuaEVsUWM\/view\">As entrevistas semiestruturadas na pesquisa de campo: algumas considera\u00e7\u00f5es sobre o corte da cana-de-a\u00e7\u00facar no noroeste paulista.<\/a>\u00a0In: \u00c1skesis, v. 3,n. 2,Julho\/Dezembro, 2014. p. 67 \u2013 74.<\/p>\n<p style=\"text-align: center;\"><strong>2013<\/strong><\/p>\n<p style=\"text-align: justify;\">ARBAROTTI, Alexsandro Elias.\u00a0<a href=\"http:\/\/seer.fclar.unesp.br\/cadernos\/article\/view\/7365\/5197\">Formas de resist\u00eancia e subjetividade na segunda gera\u00e7\u00e3o de assentados da reforma agr\u00e1ria: uma an\u00e1lise de caso no interior do estado de S\u00e3o Paulo \u2013 Brasil.\u00a0<\/a>Cadernos de Campo (UNESP), v. 17, p. 49-58, 2013.<\/p>\n<p style=\"text-align: justify;\">CAMPREGHER, Raiza; MARTINS, Rodrigo Constante.\u00a0<a href=\"http:\/\/www.ruras.ufscar.br\/wp-content\/uploads\/2014\/03\/CAMPREGHER_Raiza_MARTINS_Rodrigo.pdf\">A valora\u00e7\u00e3o econ\u00f4mica da \u00e1gua em contextos de ruralidade: s\u00edntese de estudos de caso.<\/a>\u00a0In: Anais do II Semin\u00e1rio Internacional Ruralidades, Trabalho e Meio Ambiente. S\u00e3o Carlos: UFSCar, 2013.<\/p>\n<p style=\"text-align: justify;\">GAMEIRO, Mariana Bombo Perozzi. Discursos e sentidos do desenvolvimento rural sustent\u00e1vel numa pol\u00edtica financiada pelo Banco Mundial. In: XXIX Congreso de la Asociaci\u00f3n Latinoamericana de Sociologia, 2013, Santiago, Chile. Anais do XXIX Congreso ALAS Chile. Santiago, 2013.<\/p>\n<p style=\"text-align: justify;\">MARTINS, Rodrigo Constante.\u00a0<a href=\"http:\/\/www.cairn.info\/resume.php?ID_ARTICLE=AUTR_065_0085\">La scientifisation de la politique dans la gestion de l\u2019eau au Br\u00e9sil.<\/a>\u00a0Autrepart: Revue des Sciences Sociales au Sud, v. 65, p. 85-105, 2013.<\/p>\n<p dir=\"ltr\" style=\"text-align: justify;\">MARTINS, Rodrigo Constante .\u00a0<a href=\"http:\/\/revistas.rcaap.pt\/spp\/article\/view\/2810\/2370\">A constru\u00e7\u00e3o social da economia pol\u00edtica da \u00e1gua.<\/a>\u00a0Sociologia (Lisboa), v. 2013, p. 111-130, 2013.<\/p>\n<p dir=\"ltr\" style=\"text-align: justify;\">MARTINS, Rodrigo Constante .\u00a0<a href=\"http:\/\/r1.ufrrj.br\/esa\/V2\/ojs\/index.php\/esa\/article\/download\/368\/364\">O estatuto da quest\u00e3o agr\u00e1ria na governan\u00e7a socioambiental.<\/a>\u00a0Estudos Sociedade e Agricultura (UFRRJ), v. 21, p. 270-288, 2013.<\/p>\n<p dir=\"ltr\" style=\"text-align: justify;\">MARTINS, Rodrigo Constante.\u00a0<a href=\"http:\/\/www.cairn.info\/resume.php?ID_ARTICLE=AUTR_065_0085\">La scientifisation de la politique dans la gestion de l\u2019eau au Br\u00e9sil.<\/a>\u00a0Autrepart: Revue des Sciences Sociales au Sud, v. 65, p. 85-105, 2013.<\/p>\n<p dir=\"ltr\" style=\"text-align: justify;\">MARTINS, Rodrigo Constante .\u00a0<a href=\"http:\/\/revistas.rcaap.pt\/spp\/article\/view\/2810\/2370\">A constru\u00e7\u00e3o social da economia pol\u00edtica da \u00e1gua.<\/a>\u00a0Sociologia (Lisboa), v. 2013, p. 111-130, 2013.<\/p>\n<p dir=\"ltr\" style=\"text-align: justify;\">MARTINS, Rodrigo Constante .\u00a0<a href=\"http:\/\/r1.ufrrj.br\/esa\/V2\/ojs\/index.php\/esa\/article\/download\/368\/364\">O estatuto da quest\u00e3o agr\u00e1ria na governan\u00e7a socioambiental.<\/a>\u00a0Estudos Sociedade e Agricultura (UFRRJ), v. 21, p. 270-288, 2013.<\/p>\n<p dir=\"ltr\" style=\"text-align: center;\"><strong>2012<\/strong><\/p>\n<p dir=\"ltr\" style=\"text-align: justify;\">GAMEIRO, Mariana Bombo Perozzi ; MARTINS, Rodrigo Constante.\u00a0<a href=\"http:\/\/www.ufscar.br\/ruras\/arquivos\/Territorialization%20of%20public%20policies.pdf\">Territorialization of environmental public policies in rural areas of the state of S\u00e3o Paulo<\/a>. In: XIII World Congress of Rural Sociology, 2012, Lisboa. Proceedings of XIII Congress of Rural Sociology. Lisboa, 2012. v. 1. p. 1-22.<\/p>\n<p dir=\"ltr\" style=\"text-align: justify;\">MARTINS, Rodrigo Constante .\u00a0<a href=\"http:\/\/www.contemporanea.ufscar.br\/index.php\/contemporanea\/article\/view\/92\/57\">De bem comum a ouro azul: a cren\u00e7a na gest\u00e3o racional da \u00e1gua.<\/a>Contempor\u00e2nea \u2013 Revista de Sociologia da UFSCar, v. 2, p. 465-488, 2012.<\/p>\n<p dir=\"ltr\" style=\"text-align: justify;\">MARTINS, Rodrigo Constante; GAMEIRO, Mariana Bombo Perozzi.\u00a0<a href=\"http:\/\/www.anpocs.org\/portal\/index.php?option=com_docman&amp;task=doc_view&amp;gid=8075&amp;Itemid=76\">Crer ou saber? Os fen\u00f4menos da confian\u00e7a e da per\u00edcia nas pol\u00edticas p\u00fablicas do novo rural<\/a>. In: 36o Encontro Anual da ANPOCS, 2012, \u00c1guas de Lind\u00f3ia. Anais do 36o Encontro Anual da ANPOCS. S\u00e3o Paulo: ANPOCS, 2012. v. 1.<\/p>\n<p dir=\"ltr\" style=\"text-align: justify;\">REIS, Tain\u00e1.<a href=\"http:\/\/www.ufpel.tche.br\/isp\/ppgcs\/eics\/dvd\/documentos\/gts_llleics\/gt7\/gt7taina.pdf\">\u00a0Produ\u00e7\u00e3o sucroalcooleira e desenvolvimento rural.<\/a>\u00a0In: III Encontro Internacional de Ci\u00eancias Sociais, 2012. Pelotas. Anais III Encontro Internacional de Ci\u00eancias Sociais. Pelotas, 2012.<\/p>\n<p dir=\"ltr\" style=\"text-align: justify;\">REIS, Tain\u00e1.\u00a0<a href=\"http:\/\/www.sinteseeventos.com.br\/ciso\/anaisxvciso\/resumos\/GT28-17.pdf\">Entre a Usina e a enxada: implica\u00e7\u00f5es do arrendamento fundi\u00e1rio canavieiro no interior paulista.\u00a0<\/a>In: XV Encontro de Ci\u00eancias Sociais Norte Nordeste. Pr\u00e9-Alas, 2012, Teresina. Anais XV Encontro de Ci\u00eancias Sociais Norte Nordeste. Pr\u00e9-Alas. Teresina, 2012.<\/p>\n<p dir=\"ltr\" style=\"text-align: center;\"><strong>\u00a02011<\/strong><\/p>\n<p dir=\"ltr\" style=\"text-align: justify;\">GAMEIRO, Mariana Bombo Perozzi.\u00a0<a style=\"text-align: justify;\" href=\"http:\/\/www.ufscar.br\/ruras\/arquivos\/mari-alem_financiamento.pdf\">Al\u00e9m do financiamento: uma an\u00e1lise das propostas do Banco Mundial para o desenvolvimento rural.\u00a0<\/a>Anais do I Semin\u00e1rio Internacional Ruralidades, Trabalho e Meio Ambiente. S\u00e3o Carlos, 2011.<\/p>\n<p dir=\"ltr\" style=\"text-align: justify;\">GAMEIRO, Mariana Bombo Perozzi.\u00a0<a href=\"http:\/\/www.ufscar.br\/ruras\/arquivos\/mari-pobreza_rural.pdf\">Pobreza rural: entre o debate acad\u00eamico e as pol\u00edticas p\u00fablicas.<\/a>Anais do II Semin\u00e1rio do Programa de P\u00f3s-Gradua\u00e7\u00e3o em Sociologia da UFSCar. S\u00e3o Carlos, 2011.<\/p>\n<p dir=\"ltr\" style=\"text-align: justify;\">LIMA, M\u00e1rcio Junior Teixeira de.\u00a0<a href=\"http:\/\/www.seminariosociologiapolitica.ufpr.br\/anais2011\/11_438.pdf\">Redes sociais e mobiliza\u00e7\u00e3o de capitais em comit\u00ea de bacia hidrogr\u00e1fica. In: Semin\u00e1rio Nacional Sociologia e Pol\u00edtica \u2013 repensando desigualdades em novos contextos<\/a>. Anais do Evento 2011, Curitiba, 2011, v. 11, p. 1-21.<\/p>\n<p dir=\"ltr\" style=\"text-align: justify;\">REIS, Tain\u00e1. Territ\u00f3rio e novas arenas de poder no rural paulista: um estudo de caso. Anais do I Semin\u00e1rio Internacional Ruralidades, Trabalho e Meio Ambiente. S\u00e3o Carlos, 2011.<\/p>\n<p style=\"text-align: center;\"><strong>2010<\/strong><\/p>\n<p dir=\"ltr\" style=\"text-align: justify;\">GAMEIRO, Mariana Bombo Perozzi; MARTINS, Rodrigo Constante.\u00a0<a href=\"http:\/\/www.seminariosociologiapolitica.ufpr.br\/anais\/GT10\/Mariana%20Bombo%20Perozzi%20Gameiro%20e%20Rodrigo%20Constante%20Martins.pdf\">Estrat\u00e9gia interpretativa das redes de poder envolvidas no Programa Estadual de Microbacias Hidrogr\u00e1ficas do Estado de S\u00e3o Paulo.<\/a>\u00a0Anais do II Semin\u00e1rio Nacional Sociologia e Pol\u00edtica, UFPR, Curitiba, 2010, v. 10.<\/p>\n<p dir=\"ltr\" style=\"text-align: justify;\">MARTINS, Rodrigo Constante; LIMA, M\u00e1rcio Junior Teixeira de.\u00a0<a href=\"http:\/\/www.iea.usp.br\/textos\/waterlat\/trabalhos\/97.pdf\">Recrutamento e discursos na tecnocracia da \u00e1gua<\/a>. Confer\u00eancia Waterlat, S\u00e3o Paulo, 2010, v. 1, p. 1-14.<\/p>\n<p dir=\"ltr\" style=\"text-align: justify;\">SILVA, Maria Aparecida de Moraes ; MARTINS, Rodrigo Constante.\u00a0<a href=\"http:\/\/www.scielo.br\/scielo.php?script=sci_arttext&amp;pid=S1517-45222010000200008&amp;lng=pt&amp;nrm=iso&amp;tlng=pt\">A degrada\u00e7\u00e3o social do trabalho e da natureza no contexto da monocultura canavieira paulista<\/a>. Sociologias (UFRGS), v. 12, p. 196-240, 2010.<\/p>\n<p style=\"text-align: center;\"><strong>2009<\/strong><\/p>\n<p style=\"text-align: justify;\">ESPINOZA, Rodrigo de Freitas; MARTINS, Rodrigo Constante.\u00a0<a href=\"http:\/\/www.ambiente-augm.ufscar.br\/uploads\/A3-098.pdf\">Discursos e posi\u00e7\u00f5es de classe na governan\u00e7a das \u00e1guas: notas e estrat\u00e9gias de interpreta\u00e7\u00e3o<\/a>. VI Congresso de Meio Ambiente da AUGM, S\u00e3o Carlos, 2009.<\/p>\n<p style=\"text-align: justify;\">LIMA, M\u00e1rcio Junior Teixeira de; MARTINS, Rodrigo Constante.\u00a0<a href=\"http:\/\/www.ambiente-augm.ufscar.br\/uploads\/A3-105.pdf\">Pol\u00edtica e tecnoci\u00eancia na gest\u00e3o ambiental<\/a>. VI Congresso de Meio Ambiente da AUGM, S\u00e3o Carlos, 2009.<\/p>\n<p dir=\"ltr\" style=\"text-align: justify;\">MARTINS, Rodrigo Constante.\u00a0<a href=\"http:\/\/www.ifch.unicamp.br\/ceres\/ruris-3-1-descrito_prescrito_desenv_rural.pdf\">Descri\u00e7\u00e3o e prescri\u00e7\u00e3o no desenvolvimento rural: o territ\u00f3rio como espa\u00e7o social reificado.<\/a>\u00a0Ruris (Campinas), v. 3, p. 71-101, 2009<\/p>\n<p style=\"text-align: center;\"><strong>\u00a02008<\/strong><\/p>\n<p dir=\"ltr\" style=\"text-align: justify;\">MARTINS, Rodrigo Constante.\u00a0<a href=\"http:\/\/www.scielo.br\/scielo.php?script=sci_arttext&amp;pid=S0102-69092008000200007&amp;lng=pt&amp;nrm=iso&amp;tlng=pt\">Sociologia da governan\u00e7a francesa das \u00e1guas<\/a>. Revista Brasileira de Ci\u00eancias Sociais, v. 23, p. 83-100, 2008.<\/p>\n<p dir=\"ltr\" style=\"text-align: justify;\">MARTINS, Rodrigo Constante.\u00a0<a href=\"http:\/\/seer.fclar.unesp.br\/redd\/article\/viewFile\/1071\/876\">A nomina\u00e7\u00e3o econ\u00f4mica do desenvolvimento rural sustent\u00e1vel: notas para uma agenda de investiga\u00e7\u00e3o sociol\u00f3gica.<\/a>\u00a0REDD \u2013 Revista Espa\u00e7o de Di\u00e1logo e Desconex\u00e3o, v. 1, p. 1-6, 2008.<\/p>\n<p style=\"text-align: center;\"><strong>2007<\/strong><\/p>\n<p dir=\"ltr\" style=\"text-align: justify;\">MARTINS, Rodrigo Constante.\u00a0<a href=\"http:\/\/www.scielo.br\/scielo.php?script=sci_arttext&amp;pid=S1518-70122007000200007&amp;lng=pt&amp;nrm=iso&amp;tlng=pt\">Utilitarismo, pol\u00edtica e cultura na agenda das \u00e1guas<\/a>. Intera\u00e7\u00f5es (Campo Grande), v. 8, p. 203-211, 2007.<\/p>\n<p dir=\"ltr\" style=\"text-align: justify;\">MARTINS, Rodrigo Constante.\u00a0<a href=\"http:\/\/r1.ufrrj.br\/esa\/art\/200710-233-267.pdf\">Ruralidade e governan\u00e7a ambiental no estado de S\u00e3o Paulo<\/a>. Estudos Sociedade e Agricultura (UFRJ), v. 15, p. 233-267, 2007.<\/p>\n<p dir=\"ltr\" style=\"text-align: justify;\">MARTINS, Rodrigo Constante.\u00a0<a href=\"http:\/\/www.ufcg.edu.br\/~raizes\/artigos\/Artigo_187.pdf\">O agr\u00e1rio e o ambiental na gest\u00e3o de \u00e1guas.<\/a>\u00a0Raizes. Revista de Ci\u00eancias Sociais e Econ\u00f4micas, v. 26, p. 35-45, 2007.<\/p>\n<p dir=\"ltr\" style=\"text-align: center;\"><strong>2006<\/strong><\/p>\n<p style=\"text-align: justify;\">SILVA, Maria Aparecida de Moraes ; MARTINS, Rodrigo Constante ; OCADA, F\u00e1bio ; GODOI, Stela ; MELO, Beatriz ; VETORACCI, Andrea ; BUENO, Juliana ; RIBEIRO, Jadir.\u00a0<a href=\"http:\/\/www2.fct.unesp.br\/nera\/revistas\/08\/Silva.PDF\">Do karoshi no Jap\u00e3o, \u00e0 bir\u00f4la no Brasil: as faces do trabalho no capitalismo mundializado<\/a>. Revista NERA (UNESP), UNESP Presidente Prudente-SP, v. 8, p. 74-108, 2006.<\/p>\n<p dir=\"ltr\" style=\"text-align: justify;\">MARTINS, Rodrigo Constante.\u00a0<a href=\"http:\/\/www.scielo.br\/scielo.php?script=sci_arttext&amp;pid=S1517-45222006000100011&amp;lng=pt&amp;nrm=iso&amp;tlng=pt\">Representa\u00e7\u00f5es sociais, institui\u00e7\u00f5es e conflitos na gest\u00e3o de \u00e1guas em territ\u00f3rios rurais<\/a>. Sociologias (UFRGS), Porto Alegre, v. 15, p. 288-325, 2006.<\/p>\n<p dir=\"ltr\" style=\"text-align: justify;\">MARTINS, Rodrigo Constante.\u00a0<a href=\"http:\/\/www.geografia.fflch.usp.br\/revistaagraria\/revistas\/4\/texto_7_teoriaemdebate_martins_r_c.pdf\">Moderniza\u00e7\u00e3o e rela\u00e7\u00f5es de trabalho na agricultura brasileira<\/a>. Agr\u00e1ria (S\u00e3o Paulo), v. 4, p. 165-186, 2006.<\/p>\n<p dir=\"ltr\" style=\"text-align: justify;\">MARTINS, Rodrigo Constante.\u00a0<a href=\"http:\/\/www.teoriaepesquisa.ufscar.br\/index.php\/tp\/article\/viewFile\/20\/12\">Modernidade e temporalidades no trabalho agr\u00edcola<\/a>. Teoria &amp; Pesquisa, v. 49, p. 65-87, 2006.<\/p>\n<p dir=\"ltr\" style=\"text-align: center;\"><strong>2005<\/strong><\/p>\n<p dir=\"ltr\" style=\"text-align: justify;\">MARTINS, Rodrigo Constante.<a href=\"http:\/\/www.scielo.br\/scielo.php?script=sci_arttext&amp;pid=S0103-20032005000200003&amp;lng=pt&amp;nrm=iso&amp;tlng=pt\">\u00a0Ruralidade e regula\u00e7\u00e3o ambiental: notas para um debate pol\u00edtico-institucional<\/a>. Revista de Economia e Sociologia Rural, Bras\u00edlia-DF, v. 43, n. 2, p. 249-266, 2005.<\/p>\n<p dir=\"ltr\" style=\"text-align: justify;\">MARTINS, Rodrigo Constante.\u00a0<a href=\"http:\/\/www.ufcg.edu.br\/~raizes\/artigos\/Artigo_59.pdf\">Pol\u00edtica e sociedade na governan\u00e7a territorial: o caso das \u00e1reas rurais paulistas<\/a>. Raizes. Revista de Ci\u00eancias Sociais e Econ\u00f4micas, v. 24, p. 70-82, 2005.<\/p>\n<p dir=\"ltr\" style=\"text-align: center;\"><strong>2004<\/strong><\/p>\n<p dir=\"ltr\" style=\"text-align: justify;\">MARTINS, Rodrigo Constante.\u00a0<a href=\"http:\/\/www.teoriaepesquisa.ufscar.br\/index.php\/tp\/article\/viewFile\/77\/67\">Governan\u00e7a e Democracia na Gest\u00e3o S\u00f3cio-Ambiental de \u00c1reas Rurais<\/a>. Teoria &amp; Pesquisa, S\u00e3o Carlos-S P, v. 44-45, p. 205-249, 2004.MARTINS, Rodrigo Constante. Patrim\u00f4nio Ambiental Brasileiro. Teoria &amp; Pesquisa, S\u00e3o Carlos-SP, v. 44-45, p. 301-307, 2004.<\/p>\n","protected":false},"excerpt":{"rendered":"<p>2025 CARDOSO, Jessica Pires; MARTINS, Rodrigo Constante. Disputas cient\u00edficas e pol\u00edticas na gest\u00e3o das \u00e1guas subterr\u00e2neos: perspectivas globais e locais. Caderno CRH (Online), v. 38, p. 1-15, 2025. CARDOSO, J\u00e9ssica Pires; SABADIN, Ana Carina; MARTINS, Rodrigo Constante. Gram\u00e1ticas sobre o&#8230;<\/p>\n","protected":false},"author":5,"featured_media":0,"parent":0,"menu_order":0,"comment_status":"open","ping_status":"open","template":"","meta":[],"_links":{"self":[{"href":"https:\/\/www.ruras.ufscar.br\/index.php?rest_route=\/wp\/v2\/pages\/19"}],"collection":[{"href":"https:\/\/www.ruras.ufscar.br\/index.php?rest_route=\/wp\/v2\/pages"}],"about":[{"href":"https:\/\/www.ruras.ufscar.br\/index.php?rest_route=\/wp\/v2\/types\/page"}],"author":[{"embeddable":true,"href":"https:\/\/www.ruras.ufscar.br\/index.php?rest_route=\/wp\/v2\/users\/5"}],"replies":[{"embeddable":true,"href":"https:\/\/www.ruras.ufscar.br\/index.php?rest_route=%2Fwp%2Fv2%2Fcomments&post=19"}],"version-history":[{"count":107,"href":"https:\/\/www.ruras.ufscar.br\/index.php?rest_route=\/wp\/v2\/pages\/19\/revisions"}],"predecessor-version":[{"id":4864,"href":"https:\/\/www.ruras.ufscar.br\/index.php?rest_route=\/wp\/v2\/pages\/19\/revisions\/4864"}],"wp:attachment":[{"href":"https:\/\/www.ruras.ufscar.br\/index.php?rest_route=%2Fwp%2Fv2%2Fmedia&parent=19"}],"curies":[{"name":"wp","href":"https:\/\/api.w.org\/{rel}","templated":true}]}}